{"id":635,"date":"2026-03-14T14:01:11","date_gmt":"2026-03-14T13:01:11","guid":{"rendered":"https:\/\/lafetedesentreprises.fr\/?page_id=635"},"modified":"2026-03-14T14:09:02","modified_gmt":"2026-03-14T13:09:02","slug":"rse_fde","status":"publish","type":"page","link":"https:\/\/lafetedesentreprises.fr\/?page_id=635","title":{"rendered":"RSE &#8211; Responsabilit\u00e9 Soci\u00e9tale des Entreprises"},"content":{"rendered":"\n<div class=\"wp-block-cover alignfull\" style=\"padding-top:var(--wp--preset--spacing--60);min-height:496px;aspect-ratio:unset;\"><img loading=\"lazy\" decoding=\"async\" width=\"2560\" height=\"1707\" class=\"wp-block-cover__image-background wp-image-563\" alt=\"\" src=\"https:\/\/lafetedesentreprises.fr\/wp-content\/uploads\/2025\/02\/DSC07334-scaled-1.jpg\" data-object-fit=\"cover\" srcset=\"https:\/\/lafetedesentreprises.fr\/wp-content\/uploads\/2025\/02\/DSC07334-scaled-1.jpg 2560w, https:\/\/lafetedesentreprises.fr\/wp-content\/uploads\/2025\/02\/DSC07334-scaled-1-300x200.jpg 300w, https:\/\/lafetedesentreprises.fr\/wp-content\/uploads\/2025\/02\/DSC07334-scaled-1-1024x683.jpg 1024w, https:\/\/lafetedesentreprises.fr\/wp-content\/uploads\/2025\/02\/DSC07334-scaled-1-768x512.jpg 768w, https:\/\/lafetedesentreprises.fr\/wp-content\/uploads\/2025\/02\/DSC07334-scaled-1-1536x1024.jpg 1536w, https:\/\/lafetedesentreprises.fr\/wp-content\/uploads\/2025\/02\/DSC07334-scaled-1-2048x1366.jpg 2048w\" sizes=\"auto, (max-width: 2560px) 100vw, 2560px\" \/><span aria-hidden=\"true\" class=\"wp-block-cover__background has-custom-bleu-background-color has-background-dim\"><\/span><div class=\"wp-block-cover__inner-container has-global-padding is-layout-constrained wp-container-core-cover-is-layout-5d0eaa56 wp-block-cover-is-layout-constrained\">\n<div class=\"wp-block-columns are-vertically-aligned-center is-layout-flex wp-container-core-columns-is-layout-164875e5 wp-block-columns-is-layout-flex\" style=\"margin-top:0;padding-top:0;padding-bottom:0\">\n<div class=\"wp-block-column is-vertically-aligned-center is-layout-flow wp-block-column-is-layout-flow\">\n<div class=\"wp-block-uagb-image uagb-block-566369b6 wp-block-uagb-image--layout-default wp-block-uagb-image--effect-static wp-block-uagb-image--align-none\"><figure class=\"wp-block-uagb-image__figure\"><img decoding=\"async\" srcset=\"https:\/\/lafetedesentreprises.fr\/wp-content\/uploads\/2025\/01\/30cmlarge-logo-FDE.fw_-1024x393.png ,https:\/\/lafetedesentreprises.fr\/wp-content\/uploads\/2025\/01\/30cmlarge-logo-FDE.fw_.png 780w, https:\/\/lafetedesentreprises.fr\/wp-content\/uploads\/2025\/01\/30cmlarge-logo-FDE.fw_.png 360w\" sizes=\"auto, (max-width: 480px) 150px\" src=\"https:\/\/lafetedesentreprises.fr\/wp-content\/uploads\/2025\/01\/30cmlarge-logo-FDE.fw_-1024x393.png\" alt=\"\" class=\"uag-image-523\" width=\"1024\" height=\"393\" title=\"30cmlarge-logo-FDE.fw\" loading=\"lazy\" role=\"img\"\/><\/figure><\/div>\n\n\n\n<div class=\"wp-block-uagb-countdown uagb-block-78421575\"><div class=\"wp-block-uagb-countdown__box wp-block-uagb-countdown__box-days\"><div role=\"timer\" aria-live=\"off\" class=\"wp-block-uagb-countdown__time wp-block-uagb-countdown__time-days\">&#8211;<\/div><div class=\"wp-block-uagb-countdown__label\">Jours<\/div><\/div><div class=\"wp-block-uagb-countdown__box wp-block-uagb-countdown__box-hours\"><div role=\"timer\" aria-live=\"off\" class=\"wp-block-uagb-countdown__time wp-block-uagb-countdown__time-hours\">&#8211;<\/div><div class=\"wp-block-uagb-countdown__label\">Heures<\/div><\/div><div class=\"wp-block-uagb-countdown__box wp-block-uagb-countdown__box-minutes\"><div role=\"timer\" aria-live=\"off\" class=\"wp-block-uagb-countdown__time wp-block-uagb-countdown__time-minutes\">&#8211;<\/div><div class=\"wp-block-uagb-countdown__label\">Minutes<\/div><\/div><div class=\"wp-block-uagb-countdown__box wp-block-uagb-countdown__box-seconds\"><div role=\"timer\" aria-live=\"off\" class=\"wp-block-uagb-countdown__time wp-block-uagb-countdown__time-seconds\">&#8211;<\/div><div class=\"wp-block-uagb-countdown__label\">Secondes<\/div><\/div><\/div>\n<\/div>\n\n\n\n<div class=\"wp-block-column is-vertically-aligned-center has-contrast-color has-base-2-background-color has-text-color has-background has-link-color wp-elements-cf45ce234bf362deb5874ac02f5fd8ab is-layout-flow wp-block-column-is-layout-flow\" style=\"padding-top:var(--wp--preset--spacing--20);padding-right:var(--wp--preset--spacing--10);padding-bottom:var(--wp--preset--spacing--20);padding-left:var(--wp--preset--spacing--10)\">\n<h2 class=\"wp-block-heading\">La Responsabilit\u00e9 Soci\u00e9tale des entreprises<\/h2>\n\n\n\n<p>Retrouvez en bord de sc\u00e8ne un groupement d&rsquo;entreprises compi\u00e9gnoises d\u00e9di\u00e9es \u00e0 la RSE, qui vous proposera plusieurs ateliers en lien avec ce sujet plus que d&rsquo;actualit\u00e9.<\/p>\n\n\n\n<div class=\"wp-block-buttons is-content-justification-left is-layout-flex wp-container-core-buttons-is-layout-0373423a wp-block-buttons-is-layout-flex\">\n<div class=\"wp-block-button\"><a class=\"wp-block-button__link has-background has-medium-font-size has-custom-font-size wp-element-button\" href=\"https:\/\/forms.gle\/eMq5USGvPzs2Nf779\" style=\"border-radius:0px;background-color:#8bcc33\">Je m\u2019inscris aux ateliers<\/a><\/div>\n<\/div>\n<\/div>\n<\/div>\n<\/div><\/div>\n\n\n\n<div class=\"wp-block-cover alignwide\" style=\"margin-top:var(--wp--preset--spacing--40);margin-bottom:var(--wp--preset--spacing--40);padding-top:var(--wp--preset--spacing--40);padding-right:0;padding-bottom:var(--wp--preset--spacing--40);padding-left:0;min-height:895px;aspect-ratio:unset;\"><img loading=\"lazy\" decoding=\"async\" width=\"1368\" height=\"778\" class=\"wp-block-cover__image-background wp-image-72 size-full\" alt=\"\" src=\"https:\/\/lafetedesentreprises.fr\/wp-content\/uploads\/2024\/12\/Group-605.png\" data-object-fit=\"cover\" srcset=\"https:\/\/lafetedesentreprises.fr\/wp-content\/uploads\/2024\/12\/Group-605.png 1368w, https:\/\/lafetedesentreprises.fr\/wp-content\/uploads\/2024\/12\/Group-605-300x171.png 300w, https:\/\/lafetedesentreprises.fr\/wp-content\/uploads\/2024\/12\/Group-605-1024x582.png 1024w, https:\/\/lafetedesentreprises.fr\/wp-content\/uploads\/2024\/12\/Group-605-768x437.png 768w\" sizes=\"auto, (max-width: 1368px) 100vw, 1368px\" \/><span aria-hidden=\"true\" class=\"wp-block-cover__background has-background-dim-0 has-background-dim\"><\/span><div class=\"wp-block-cover__inner-container is-layout-flow wp-block-cover-is-layout-flow\">\n<h2 class=\"wp-block-heading has-text-align-center has-x-large-font-size\"><strong>Et au fait, c\u2019est quoi la RSE\u00a0?<\/strong><\/h2>\n\n\n\n<p class=\"has-text-align-center has-lato-font-family\" style=\"font-size:clamp(14px, 0.875rem + ((1vw - 3.2px) * 0.625), 20px);\">La Responsabilit\u00e9 Soci\u00e9tale des Entreprises est \u00ab l\u2019int\u00e9gration <strong>volontaire <\/strong>des <strong>pr\u00e9occupations sociales et \u00e9cologiques<\/strong> des entreprises \u00e0 leurs activit\u00e9s commerciales et leurs relations avec leurs parties prenantes. \u00bb<\/p>\n\n\n\n<h2 class=\"wp-block-heading has-text-align-center has-x-large-font-size\"><strong>Et \u00e7a sert \u00e0 quoi\u00a0?<\/strong><\/h2>\n\n\n\n<p class=\"has-text-align-center\" style=\"font-size:clamp(14px, 0.875rem + ((1vw - 3.2px) * 0.625), 20px);\">Se pr\u00e9occuper de RSE, c\u2019est prendre soin et s\u00e9curiser l\u2019ensemble de sa chaine de valeur.<\/p>\n\n\n\n<p class=\"has-text-align-center\" style=\"font-size:clamp(14px, 0.875rem + ((1vw - 3.2px) * 0.625), 20px);\">Dans le monde complexe et incertain d\u2019aujourd\u2019hui, la RSE permet avant tout d\u2019organiser la robustesse et la p\u00e9rennit\u00e9 de son activit\u00e9&nbsp;!<\/p>\n\n\n\n<h2 class=\"wp-block-heading has-text-align-center has-x-large-font-size\"><strong>La RSE \u00e0 la F\u00eate des Entreprises c&rsquo;est :<\/strong><\/h2>\n\n\n\n<div class=\"wp-block-group has-global-padding is-layout-constrained wp-container-core-group-is-layout-bea02a06 wp-block-group-is-layout-constrained\" style=\"font-size:clamp(14px, 0.875rem + ((1vw - 3.2px) * 0.625), 20px);\">\n<p><strong>Un ancrage territorial fort<\/strong> de l\u2019ensemble des fournisseurs et entreprises partenaires, favorisant l\u2019entraide et le partage en local.<\/p>\n\n\n\n<p><strong>L\u2019Accessibilit\u00e9 du tarif<\/strong> exposant pour les petites entreprises.<\/p>\n\n\n\n<p><strong>Le soin des chef.fe.s d&rsquo;entreprise<\/strong> : moments de convivialit\u00e9, de coh\u00e9sion entre pairs (challenge sportif du Club des entrepreneurs), ateliers bien-\u00eatre\u2026<\/p>\n\n\n\n<p><strong>L\u2019aide \u00e0 l\u2019insertion des jeunes <\/strong>dans le monde \u00e9conomique et l\u2019entreprenariat gr\u00e2ce \u00e0 un projet de visites et d\u2019\u00e9changes avec le coll\u00e8ge, impliquant les \u00e9tudiants de l&rsquo;ESC.<\/p>\n\n\n\n<p><strong>Un engagement environnemental\u00a0:<\/strong> vaisselle r\u00e9utilisable, tri des d\u00e9chets, action anti gaspi alimentaire \u00e0 la fin de l\u2019\u00e9v\u00e8nement.<\/p>\n<\/div>\n<\/div><\/div>\n\n\n\n<div class=\"wp-block-buttons has-custom-font-size has-large-font-size is-content-justification-center is-layout-flex wp-container-core-buttons-is-layout-dd320d38 wp-block-buttons-is-layout-flex\" style=\"border-top-left-radius:0px;border-top-right-radius:0px;border-bottom-left-radius:0px;border-bottom-right-radius:0px;margin-bottom:var(--wp--preset--spacing--40)\">\n<div class=\"wp-block-button has-custom-width wp-block-button__width-100 is-style-fill\"><a class=\"wp-block-button__link has-base-2-color has-custom-vert-background-color has-text-color has-background has-link-color has-text-align-center wp-element-button\" href=\"https:\/\/forms.gle\/eMq5USGvPzs2Nf779\" style=\"border-top-left-radius:50px;border-top-right-radius:50px;border-bottom-left-radius:50px;border-bottom-right-radius:50px\">Cliquez ici pour vous inscrire aux Ateliers <\/a><\/div>\n<\/div>\n\n\n\n<div class=\"wp-block-uagb-container uagb-block-a69d40d0 alignfull uagb-is-root-container\"><div class=\"uagb-container-inner-blocks-wrap\">\n<h2 class=\"wp-block-heading has-text-align-center has-custom-vert-color has-text-color has-link-color wp-elements-1e9bdd7c12ec8a196b0c16ef09bd28b6\">Le collectif RSE du Grand Compi\u00e9gnois<\/h2>\n\n\n\t\t\t\t\t<div\n\t\t\t\t\t\tclass=\"wp-block-uagb-image-gallery uagb-block-a8095f72     \"\n\t\t\t\t\t\tstyle=\"\"\n\t\t\t\t\t>\n\t\t\t\t\t\t\t\t\t\t\t<div class=\"spectra-image-gallery spectra-image-gallery__layout--carousel\">\n\t\t\t\t\t\t\t\t<div class=\"uagb-slick-carousel uagb-block-a8095f72\">\n\t\t\t\t\t\t\t\t\t\t\t\t<div class='spectra-image-gallery__media-wrapper' data-spectra-gallery-image-id='670'>\n\t\t\t\t\t\t\t<div class=\"spectra-image-gallery__media spectra-image-gallery__media--carousel\">\n\t\t\t\t<picture>\n\t\t\t\t\t<source media=\"(min-width: 1024px)\" srcset=\"https:\/\/lafetedesentreprises.fr\/wp-content\/uploads\/2026\/03\/1-ABCD-Nutrition.png\">\n\t\t\t\t\t<source media=\"(min-width: 768px)\" srcset=\"https:\/\/lafetedesentreprises.fr\/wp-content\/uploads\/2026\/03\/1-ABCD-Nutrition.png\">\n\t\t\t\t\t<img decoding=\"async\" class=\"spectra-image-gallery__media-thumbnail spectra-image-gallery__media-thumbnail--carousel\" src=\"https:\/\/lafetedesentreprises.fr\/wp-content\/uploads\/2026\/03\/1-ABCD-Nutrition.png\" alt=\"\" loading=\"lazy\" \/>\n\t\t\t\t<\/picture>\n\t\t\t\t<div class=\"spectra-image-gallery__media-thumbnail-blurrer\"><\/div>\n\t\t\t\t\t\t\t\t\t\t\t<div class=\"spectra-image-gallery__media-thumbnail-caption-wrapper spectra-image-gallery__media-thumbnail-caption-wrapper--overlay\">\n\t\t\t\t\t\t\t\t\t\t\t<div class=\"spectra-image-gallery__media-thumbnail-caption spectra-image-gallery__media-thumbnail-caption--overlay\">\n\t\t\t\t\t<a href=\"https:\/\/abcdnutrition.com\/fr\/\">https:\/\/abcdnutrition.com\/fr\/<\/a>\t\t\t\t<\/div>\n\t\t\t\t\t\t\t\t\t\t<\/div>\n\t\t\t\t\t\t\t\t\t<\/div>\n\t\t\t\t\t\t<\/div>\n\t\t\t\t\t\t<div class='spectra-image-gallery__media-wrapper' data-spectra-gallery-image-id='671'>\n\t\t\t\t\t\t\t<div class=\"spectra-image-gallery__media spectra-image-gallery__media--carousel\">\n\t\t\t\t<picture>\n\t\t\t\t\t<source media=\"(min-width: 1024px)\" srcset=\"https:\/\/lafetedesentreprises.fr\/wp-content\/uploads\/2026\/03\/2-logo-agora.png\">\n\t\t\t\t\t<source media=\"(min-width: 768px)\" srcset=\"https:\/\/lafetedesentreprises.fr\/wp-content\/uploads\/2026\/03\/2-logo-agora.png\">\n\t\t\t\t\t<img decoding=\"async\" class=\"spectra-image-gallery__media-thumbnail spectra-image-gallery__media-thumbnail--carousel\" src=\"https:\/\/lafetedesentreprises.fr\/wp-content\/uploads\/2026\/03\/2-logo-agora-300x96.png\" alt=\"\" loading=\"lazy\" \/>\n\t\t\t\t<\/picture>\n\t\t\t\t<div class=\"spectra-image-gallery__media-thumbnail-blurrer\"><\/div>\n\t\t\t\t\t\t\t\t\t\t\t<div class=\"spectra-image-gallery__media-thumbnail-caption-wrapper spectra-image-gallery__media-thumbnail-caption-wrapper--overlay\">\n\t\t\t\t\t\t\t\t\t\t\t<div class=\"spectra-image-gallery__media-thumbnail-caption spectra-image-gallery__media-thumbnail-caption--overlay\">\n\t\t\t\t\t<a href=\"https:\/\/www.coopagora.fr\/\">https:\/\/www.coopagora.fr\/<\/a>\t\t\t\t<\/div>\n\t\t\t\t\t\t\t\t\t\t<\/div>\n\t\t\t\t\t\t\t\t\t<\/div>\n\t\t\t\t\t\t<\/div>\n\t\t\t\t\t\t<div class='spectra-image-gallery__media-wrapper' data-spectra-gallery-image-id='672'>\n\t\t\t\t\t\t\t<div class=\"spectra-image-gallery__media spectra-image-gallery__media--carousel\">\n\t\t\t\t<picture>\n\t\t\t\t\t<source media=\"(min-width: 1024px)\" srcset=\"https:\/\/lafetedesentreprises.fr\/wp-content\/uploads\/2026\/03\/3-binova-services-informatiques_logo.jpg\">\n\t\t\t\t\t<source media=\"(min-width: 768px)\" srcset=\"https:\/\/lafetedesentreprises.fr\/wp-content\/uploads\/2026\/03\/3-binova-services-informatiques_logo.jpg\">\n\t\t\t\t\t<img decoding=\"async\" class=\"spectra-image-gallery__media-thumbnail spectra-image-gallery__media-thumbnail--carousel\" src=\"https:\/\/lafetedesentreprises.fr\/wp-content\/uploads\/2026\/03\/3-binova-services-informatiques_logo-300x206.jpg\" alt=\"\" loading=\"lazy\" \/>\n\t\t\t\t<\/picture>\n\t\t\t\t<div class=\"spectra-image-gallery__media-thumbnail-blurrer\"><\/div>\n\t\t\t\t\t\t\t\t\t\t\t<div class=\"spectra-image-gallery__media-thumbnail-caption-wrapper spectra-image-gallery__media-thumbnail-caption-wrapper--overlay\">\n\t\t\t\t\t\t\t\t\t\t\t<div class=\"spectra-image-gallery__media-thumbnail-caption spectra-image-gallery__media-thumbnail-caption--overlay\">\n\t\t\t\t\t<a href=\"https:\/\/binova-it.fr\/\">https:\/\/binova-it.fr\/<\/a>\t\t\t\t<\/div>\n\t\t\t\t\t\t\t\t\t\t<\/div>\n\t\t\t\t\t\t\t\t\t<\/div>\n\t\t\t\t\t\t<\/div>\n\t\t\t\t\t\t<div class='spectra-image-gallery__media-wrapper' data-spectra-gallery-image-id='673'>\n\t\t\t\t\t\t\t<div class=\"spectra-image-gallery__media spectra-image-gallery__media--carousel\">\n\t\t\t\t<picture>\n\t\t\t\t\t<source media=\"(min-width: 1024px)\" srcset=\"https:\/\/lafetedesentreprises.fr\/wp-content\/uploads\/2026\/03\/4-Logo-Bio-propre-952x1024.png\">\n\t\t\t\t\t<source media=\"(min-width: 768px)\" srcset=\"https:\/\/lafetedesentreprises.fr\/wp-content\/uploads\/2026\/03\/4-Logo-Bio-propre-952x1024.png\">\n\t\t\t\t\t<img decoding=\"async\" class=\"spectra-image-gallery__media-thumbnail spectra-image-gallery__media-thumbnail--carousel\" src=\"https:\/\/lafetedesentreprises.fr\/wp-content\/uploads\/2026\/03\/4-Logo-Bio-propre-279x300.png\" alt=\"\" loading=\"lazy\" \/>\n\t\t\t\t<\/picture>\n\t\t\t\t<div class=\"spectra-image-gallery__media-thumbnail-blurrer\"><\/div>\n\t\t\t\t\t\t\t\t\t\t\t<div class=\"spectra-image-gallery__media-thumbnail-caption-wrapper spectra-image-gallery__media-thumbnail-caption-wrapper--overlay\">\n\t\t\t\t\t\t\t\t\t\t\t<div class=\"spectra-image-gallery__media-thumbnail-caption spectra-image-gallery__media-thumbnail-caption--overlay\">\n\t\t\t\t\t<a href=\"https:\/\/www.bio-propre.fr\/\">https:\/\/www.bio-propre.fr\/<\/a>\t\t\t\t<\/div>\n\t\t\t\t\t\t\t\t\t\t<\/div>\n\t\t\t\t\t\t\t\t\t<\/div>\n\t\t\t\t\t\t<\/div>\n\t\t\t\t\t\t<div class='spectra-image-gallery__media-wrapper' data-spectra-gallery-image-id='674'>\n\t\t\t\t\t\t\t<div class=\"spectra-image-gallery__media spectra-image-gallery__media--carousel\">\n\t\t\t\t<picture>\n\t\t\t\t\t<source media=\"(min-width: 1024px)\" srcset=\"https:\/\/lafetedesentreprises.fr\/wp-content\/uploads\/2026\/03\/5-ERGASTER_logo.png\">\n\t\t\t\t\t<source media=\"(min-width: 768px)\" srcset=\"https:\/\/lafetedesentreprises.fr\/wp-content\/uploads\/2026\/03\/5-ERGASTER_logo.png\">\n\t\t\t\t\t<img decoding=\"async\" class=\"spectra-image-gallery__media-thumbnail spectra-image-gallery__media-thumbnail--carousel\" src=\"https:\/\/lafetedesentreprises.fr\/wp-content\/uploads\/2026\/03\/5-ERGASTER_logo-300x300.png\" alt=\"\" loading=\"lazy\" \/>\n\t\t\t\t<\/picture>\n\t\t\t\t<div class=\"spectra-image-gallery__media-thumbnail-blurrer\"><\/div>\n\t\t\t\t\t\t\t\t\t\t\t<div class=\"spectra-image-gallery__media-thumbnail-caption-wrapper spectra-image-gallery__media-thumbnail-caption-wrapper--overlay\">\n\t\t\t\t\t\t\t\t\t\t\t<div class=\"spectra-image-gallery__media-thumbnail-caption spectra-image-gallery__media-thumbnail-caption--overlay\">\n\t\t\t\t\t<a href=\"https:\/\/distillerie-ergaster.com\/\">https:\/\/distillerie-ergaster.com\/<\/a>\t\t\t\t<\/div>\n\t\t\t\t\t\t\t\t\t\t<\/div>\n\t\t\t\t\t\t\t\t\t<\/div>\n\t\t\t\t\t\t<\/div>\n\t\t\t\t\t\t<div class='spectra-image-gallery__media-wrapper' data-spectra-gallery-image-id='675'>\n\t\t\t\t\t\t\t<div class=\"spectra-image-gallery__media spectra-image-gallery__media--carousel\">\n\t\t\t\t<picture>\n\t\t\t\t\t<source media=\"(min-width: 1024px)\" srcset=\"https:\/\/lafetedesentreprises.fr\/wp-content\/uploads\/2026\/03\/6-Leroy-Merlin-Logo-1024x576.png\">\n\t\t\t\t\t<source media=\"(min-width: 768px)\" srcset=\"https:\/\/lafetedesentreprises.fr\/wp-content\/uploads\/2026\/03\/6-Leroy-Merlin-Logo-1024x576.png\">\n\t\t\t\t\t<img decoding=\"async\" class=\"spectra-image-gallery__media-thumbnail spectra-image-gallery__media-thumbnail--carousel\" src=\"https:\/\/lafetedesentreprises.fr\/wp-content\/uploads\/2026\/03\/6-Leroy-Merlin-Logo-300x169.png\" alt=\"\" loading=\"lazy\" \/>\n\t\t\t\t<\/picture>\n\t\t\t\t<div class=\"spectra-image-gallery__media-thumbnail-blurrer\"><\/div>\n\t\t\t\t\t\t\t\t\t\t\t<div class=\"spectra-image-gallery__media-thumbnail-caption-wrapper spectra-image-gallery__media-thumbnail-caption-wrapper--overlay\">\n\t\t\t\t\t\t\t\t\t\t\t<div class=\"spectra-image-gallery__media-thumbnail-caption spectra-image-gallery__media-thumbnail-caption--overlay\">\n\t\t\t\t\t<a href=\"https:\/\/www.leroymerlin.fr\/magasins\/jaux-compiegne.html\">https:\/\/www.leroymerlin.fr\/magasins\/jaux-compiegne.html<\/a>\t\t\t\t<\/div>\n\t\t\t\t\t\t\t\t\t\t<\/div>\n\t\t\t\t\t\t\t\t\t<\/div>\n\t\t\t\t\t\t<\/div>\n\t\t\t\t\t\t<div class='spectra-image-gallery__media-wrapper' data-spectra-gallery-image-id='676'>\n\t\t\t\t\t\t\t<div class=\"spectra-image-gallery__media spectra-image-gallery__media--carousel\">\n\t\t\t\t<picture>\n\t\t\t\t\t<source media=\"(min-width: 1024px)\" srcset=\"https:\/\/lafetedesentreprises.fr\/wp-content\/uploads\/2026\/03\/7-Logo-Mairie-Margny-Les-Compiegne.png\">\n\t\t\t\t\t<source media=\"(min-width: 768px)\" srcset=\"https:\/\/lafetedesentreprises.fr\/wp-content\/uploads\/2026\/03\/7-Logo-Mairie-Margny-Les-Compiegne.png\">\n\t\t\t\t\t<img decoding=\"async\" class=\"spectra-image-gallery__media-thumbnail spectra-image-gallery__media-thumbnail--carousel\" src=\"https:\/\/lafetedesentreprises.fr\/wp-content\/uploads\/2026\/03\/7-Logo-Mairie-Margny-Les-Compiegne.png\" alt=\"\" loading=\"lazy\" \/>\n\t\t\t\t<\/picture>\n\t\t\t\t<div class=\"spectra-image-gallery__media-thumbnail-blurrer\"><\/div>\n\t\t\t\t\t\t\t\t\t\t\t<div class=\"spectra-image-gallery__media-thumbnail-caption-wrapper spectra-image-gallery__media-thumbnail-caption-wrapper--overlay\">\n\t\t\t\t\t\t\t\t\t\t\t<div class=\"spectra-image-gallery__media-thumbnail-caption spectra-image-gallery__media-thumbnail-caption--overlay\">\n\t\t\t\t\t<a href=\"https:\/\/www.mairie-margnylescompiegne.fr\/\">https:\/\/www.mairie-margnylescompiegne.fr\/<\/a>\t\t\t\t<\/div>\n\t\t\t\t\t\t\t\t\t\t<\/div>\n\t\t\t\t\t\t\t\t\t<\/div>\n\t\t\t\t\t\t<\/div>\n\t\t\t\t\t\t<div class='spectra-image-gallery__media-wrapper' data-spectra-gallery-image-id='677'>\n\t\t\t\t\t\t\t<div class=\"spectra-image-gallery__media spectra-image-gallery__media--carousel\">\n\t\t\t\t<picture>\n\t\t\t\t\t<source media=\"(min-width: 1024px)\" srcset=\"https:\/\/lafetedesentreprises.fr\/wp-content\/uploads\/2026\/03\/8-logo-oleon-1024x400.jpeg\">\n\t\t\t\t\t<source media=\"(min-width: 768px)\" srcset=\"https:\/\/lafetedesentreprises.fr\/wp-content\/uploads\/2026\/03\/8-logo-oleon-1024x400.jpeg\">\n\t\t\t\t\t<img decoding=\"async\" class=\"spectra-image-gallery__media-thumbnail spectra-image-gallery__media-thumbnail--carousel\" src=\"https:\/\/lafetedesentreprises.fr\/wp-content\/uploads\/2026\/03\/8-logo-oleon-300x117.jpeg\" alt=\"\" loading=\"lazy\" \/>\n\t\t\t\t<\/picture>\n\t\t\t\t<div class=\"spectra-image-gallery__media-thumbnail-blurrer\"><\/div>\n\t\t\t\t\t\t\t\t\t\t\t<div class=\"spectra-image-gallery__media-thumbnail-caption-wrapper spectra-image-gallery__media-thumbnail-caption-wrapper--overlay\">\n\t\t\t\t\t\t\t\t\t\t\t<div class=\"spectra-image-gallery__media-thumbnail-caption spectra-image-gallery__media-thumbnail-caption--overlay\">\n\t\t\t\t\t<a href=\"https:\/\/www.oleon.com\/certificates\/oleon-venette-fr\">https:\/\/www.oleon.com\/certificates\/oleon-venette-fr<\/a>\t\t\t\t<\/div>\n\t\t\t\t\t\t\t\t\t\t<\/div>\n\t\t\t\t\t\t\t\t\t<\/div>\n\t\t\t\t\t\t<\/div>\n\t\t\t\t\t\t<div class='spectra-image-gallery__media-wrapper' data-spectra-gallery-image-id='678'>\n\t\t\t\t\t\t\t<div class=\"spectra-image-gallery__media spectra-image-gallery__media--carousel\">\n\t\t\t\t<picture>\n\t\t\t\t\t<source media=\"(min-width: 1024px)\" srcset=\"https:\/\/lafetedesentreprises.fr\/wp-content\/uploads\/2026\/03\/9-logo-opmobility-blue-500.png\">\n\t\t\t\t\t<source media=\"(min-width: 768px)\" srcset=\"https:\/\/lafetedesentreprises.fr\/wp-content\/uploads\/2026\/03\/9-logo-opmobility-blue-500.png\">\n\t\t\t\t\t<img decoding=\"async\" class=\"spectra-image-gallery__media-thumbnail spectra-image-gallery__media-thumbnail--carousel\" src=\"https:\/\/lafetedesentreprises.fr\/wp-content\/uploads\/2026\/03\/9-logo-opmobility-blue-500-300x120.png\" alt=\"\" loading=\"lazy\" \/>\n\t\t\t\t<\/picture>\n\t\t\t\t<div class=\"spectra-image-gallery__media-thumbnail-blurrer\"><\/div>\n\t\t\t\t\t\t\t\t\t\t\t<div class=\"spectra-image-gallery__media-thumbnail-caption-wrapper spectra-image-gallery__media-thumbnail-caption-wrapper--overlay\">\n\t\t\t\t\t\t\t\t\t\t\t<div class=\"spectra-image-gallery__media-thumbnail-caption spectra-image-gallery__media-thumbnail-caption--overlay\">\n\t\t\t\t\t<a href=\"https:\/\/www.opmobility.com\/fr\/\">https:\/\/www.opmobility.com\/fr\/<\/a>\t\t\t\t<\/div>\n\t\t\t\t\t\t\t\t\t\t<\/div>\n\t\t\t\t\t\t\t\t\t<\/div>\n\t\t\t\t\t\t<\/div>\n\t\t\t\t\t\t<div class='spectra-image-gallery__media-wrapper' data-spectra-gallery-image-id='679'>\n\t\t\t\t\t\t\t<div class=\"spectra-image-gallery__media spectra-image-gallery__media--carousel\">\n\t\t\t\t<picture>\n\t\t\t\t\t<source media=\"(min-width: 1024px)\" srcset=\"https:\/\/lafetedesentreprises.fr\/wp-content\/uploads\/2026\/03\/10-seve-mobilier-logo.png\">\n\t\t\t\t\t<source media=\"(min-width: 768px)\" srcset=\"https:\/\/lafetedesentreprises.fr\/wp-content\/uploads\/2026\/03\/10-seve-mobilier-logo.png\">\n\t\t\t\t\t<img decoding=\"async\" class=\"spectra-image-gallery__media-thumbnail spectra-image-gallery__media-thumbnail--carousel\" src=\"https:\/\/lafetedesentreprises.fr\/wp-content\/uploads\/2026\/03\/10-seve-mobilier-logo-300x124.png\" alt=\"\" loading=\"lazy\" \/>\n\t\t\t\t<\/picture>\n\t\t\t\t<div class=\"spectra-image-gallery__media-thumbnail-blurrer\"><\/div>\n\t\t\t\t\t\t\t\t\t\t\t<div class=\"spectra-image-gallery__media-thumbnail-caption-wrapper spectra-image-gallery__media-thumbnail-caption-wrapper--overlay\">\n\t\t\t\t\t\t\t\t\t\t\t<div class=\"spectra-image-gallery__media-thumbnail-caption spectra-image-gallery__media-thumbnail-caption--overlay\">\n\t\t\t\t\t<a href=\"https:\/\/seve-mobilier.fr\/\">https:\/\/seve-mobilier.fr\/<\/a>\t\t\t\t<\/div>\n\t\t\t\t\t\t\t\t\t\t<\/div>\n\t\t\t\t\t\t\t\t\t<\/div>\n\t\t\t\t\t\t<\/div>\n\t\t\t\t\t\t<div class='spectra-image-gallery__media-wrapper' data-spectra-gallery-image-id='680'>\n\t\t\t\t\t\t\t<div class=\"spectra-image-gallery__media spectra-image-gallery__media--carousel\">\n\t\t\t\t<picture>\n\t\t\t\t\t<source media=\"(min-width: 1024px)\" srcset=\"https:\/\/lafetedesentreprises.fr\/wp-content\/uploads\/2026\/03\/11-WINDO-CONSEIL_logotype-principal.png\">\n\t\t\t\t\t<source media=\"(min-width: 768px)\" srcset=\"https:\/\/lafetedesentreprises.fr\/wp-content\/uploads\/2026\/03\/11-WINDO-CONSEIL_logotype-principal.png\">\n\t\t\t\t\t<img decoding=\"async\" class=\"spectra-image-gallery__media-thumbnail spectra-image-gallery__media-thumbnail--carousel\" src=\"https:\/\/lafetedesentreprises.fr\/wp-content\/uploads\/2026\/03\/11-WINDO-CONSEIL_logotype-principal-300x118.png\" alt=\"\" loading=\"lazy\" \/>\n\t\t\t\t<\/picture>\n\t\t\t\t<div class=\"spectra-image-gallery__media-thumbnail-blurrer\"><\/div>\n\t\t\t\t\t\t\t\t\t\t\t<div class=\"spectra-image-gallery__media-thumbnail-caption-wrapper spectra-image-gallery__media-thumbnail-caption-wrapper--overlay\">\n\t\t\t\t\t\t\t\t\t\t\t<div class=\"spectra-image-gallery__media-thumbnail-caption spectra-image-gallery__media-thumbnail-caption--overlay\">\n\t\t\t\t\t<a href=\"https:\/\/www.linkedin.com\/in\/muriel-windholtz\/\">https:\/\/www.linkedin.com\/in\/muriel-windholtz\/<\/a>\t\t\t\t<\/div>\n\t\t\t\t\t\t\t\t\t\t<\/div>\n\t\t\t\t\t\t\t\t\t<\/div>\n\t\t\t\t\t\t<\/div>\n\t\t\t\t\t\t<div class='spectra-image-gallery__media-wrapper' data-spectra-gallery-image-id='681'>\n\t\t\t\t\t\t\t<div class=\"spectra-image-gallery__media spectra-image-gallery__media--carousel\">\n\t\t\t\t<picture>\n\t\t\t\t\t<source media=\"(min-width: 1024px)\" srcset=\"https:\/\/lafetedesentreprises.fr\/wp-content\/uploads\/2026\/03\/12-Logo-Objectif-Sens.jpg\">\n\t\t\t\t\t<source media=\"(min-width: 768px)\" srcset=\"https:\/\/lafetedesentreprises.fr\/wp-content\/uploads\/2026\/03\/12-Logo-Objectif-Sens.jpg\">\n\t\t\t\t\t<img decoding=\"async\" class=\"spectra-image-gallery__media-thumbnail spectra-image-gallery__media-thumbnail--carousel\" src=\"https:\/\/lafetedesentreprises.fr\/wp-content\/uploads\/2026\/03\/12-Logo-Objectif-Sens.jpg\" alt=\"\" loading=\"lazy\" \/>\n\t\t\t\t<\/picture>\n\t\t\t\t<div class=\"spectra-image-gallery__media-thumbnail-blurrer\"><\/div>\n\t\t\t\t\t\t\t\t\t\t\t<div class=\"spectra-image-gallery__media-thumbnail-caption-wrapper spectra-image-gallery__media-thumbnail-caption-wrapper--overlay\">\n\t\t\t\t\t\t\t\t\t\t\t<div class=\"spectra-image-gallery__media-thumbnail-caption spectra-image-gallery__media-thumbnail-caption--overlay\">\n\t\t\t\t\t<a href=\"https:\/\/objectifsens.fr\/\">https:\/\/objectifsens.fr\/<\/a>\t\t\t\t<\/div>\n\t\t\t\t\t\t\t\t\t\t<\/div>\n\t\t\t\t\t\t\t\t\t<\/div>\n\t\t\t\t\t\t<\/div>\n\t\t\t\t\t\t\t\t\t\t\t<\/div>\n\t\t\t\t\t\t\t<\/div>\n\t\t\t\t\t\t\t\t\t\t\t<\/div>\n\t\t\t\t\t\t\t\t\t<\/div><\/div>\n\n\n\n<div class=\"wp-block-cover alignwide\" style=\"padding-top:var(--wp--preset--spacing--50);padding-right:0;padding-bottom:var(--wp--preset--spacing--40);padding-left:0;min-height:1026px;aspect-ratio:unset;\"><img loading=\"lazy\" decoding=\"async\" width=\"1024\" height=\"582\" class=\"wp-block-cover__image-background wp-image-72 size-large\" alt=\"\" src=\"https:\/\/lafetedesentreprises.fr\/wp-content\/uploads\/2024\/12\/Group-605-1024x582.png\" data-object-fit=\"cover\" srcset=\"https:\/\/lafetedesentreprises.fr\/wp-content\/uploads\/2024\/12\/Group-605-1024x582.png 1024w, https:\/\/lafetedesentreprises.fr\/wp-content\/uploads\/2024\/12\/Group-605-300x171.png 300w, https:\/\/lafetedesentreprises.fr\/wp-content\/uploads\/2024\/12\/Group-605-768x437.png 768w, https:\/\/lafetedesentreprises.fr\/wp-content\/uploads\/2024\/12\/Group-605.png 1368w\" sizes=\"auto, (max-width: 1024px) 100vw, 1024px\" \/><span aria-hidden=\"true\" class=\"wp-block-cover__background has-background-dim-0 has-background-dim\"><\/span><div class=\"wp-block-cover__inner-container is-layout-flow wp-block-cover-is-layout-flow\">\n<h2 class=\"wp-block-heading has-text-align-center has-x-large-font-size\">Le Collectif RSE du Grand Compi\u00e9gnois, vous connaissez&nbsp;?<\/h2>\n\n\n\n<p class=\"has-text-align-center\" style=\"font-size:clamp(14px, 0.875rem + ((1vw - 3.2px) * 0.625), 20px);\">Un Collectif d\u2019entreprises et d\u2019organisations engag\u00e9es dans la RSE qui se rassemblent pour avancer ensemble sur le territoire sur des th\u00e9matiques telles que&nbsp;: l\u2019ancrage territorial, le bilan carbone, la capacit\u00e9 \u00e0 embarquer les \u00e9quipes\u2026<\/p>\n\n\n\n<p class=\"has-text-align-center has-titillium-web-font-family\" style=\"font-size:clamp(16.834px, 1.052rem + ((1vw - 3.2px) * 0.955), 26px);\"><span style=\"text-decoration: underline;\">Pourquoi ce collectif ?<\/span><\/p>\n\n\n\n<div class=\"wp-block-group has-global-padding is-layout-constrained wp-block-group-is-layout-constrained\" style=\"font-size:clamp(14px, 0.875rem + ((1vw - 3.2px) * 0.625), 20px);\">\n<div class=\"wp-block-group has-global-padding is-layout-constrained wp-block-group-is-layout-constrained\">\n<p><strong>Partager<\/strong> les exp\u00e9riences et les bonnes pratiques en mati\u00e8re de RSE.<\/p>\n\n\n\n<div class=\"wp-block-group has-global-padding is-layout-constrained wp-block-group-is-layout-constrained\">\n<p><strong>Se nourrir, d\u00e9battre, apprendre et progresser ensemble<\/strong>.<\/p>\n\n\n\n<p>Favoriser le <strong>passage \u00e0 l\u2019action<\/strong> dans les organisations.<\/p>\n\n\n\n<p>D\u00e9velopper les <strong>synergies <\/strong>possibles autour de la mise en \u0153uvre d\u2019actions RSE.<\/p>\n\n\n\n<p>Cr\u00e9er un <strong>lien suivi <\/strong>entre les acteurs engag\u00e9s.<\/p>\n<\/div>\n<\/div>\n\n\n\n<p>Organiser des <strong>\u00e9v\u00e8nements communs<\/strong>.<\/p>\n\n\n\n<p class=\"has-text-align-left has-lato-font-family\" style=\"font-size:clamp(14px, 0.875rem + ((1vw - 3.2px) * 0.417), 18px);\">Porter une <strong>vision commune<\/strong> sur le territoire.<\/p>\n<\/div>\n\n\n\n<p class=\"has-text-align-center has-titillium-web-font-family\" style=\"font-size:clamp(16.834px, 1.052rem + ((1vw - 3.2px) * 0.955), 26px);\"><span style=\"text-decoration: underline;\">Vous voulez en savoir plus\u00a0?<\/span><\/p>\n\n\n\n<p class=\"has-text-align-center has-lato-font-family\" style=\"font-size:clamp(14px, 0.875rem + ((1vw - 3.2px) * 0.625), 20px);\">N\u2019h\u00e9sitez pas \u00e0 prendre contact avec les cofondatrices&nbsp;:<\/p>\n\n\n\n<p class=\"has-text-align-center has-lato-font-family\" style=\"font-size:clamp(14px, 0.875rem + ((1vw - 3.2px) * 0.625), 20px);\"><strong>Muriel Windholtz&nbsp;: <\/strong><a href=\"mailto:mwindholtz@windo-rse.fr\">mwindholtz@windo-rse.fr<\/a><\/p>\n\n\n\n<p class=\"has-text-align-center has-lato-font-family\" style=\"font-size:clamp(14px, 0.875rem + ((1vw - 3.2px) * 0.625), 20px);\"><strong>C\u00e9line Bernadin&nbsp;: <\/strong><a href=\"mailto:celine.bernadin@objectifsens.fr\">celine.bernadin@objectifsens.fr<\/a><\/p>\n<\/div><\/div>\n\n\n\n<p><\/p>\n","protected":false},"excerpt":{"rendered":"<p>Le collectif RSE du Grand Compi\u00e9gnois<\/p>\n","protected":false},"author":3,"featured_media":0,"parent":0,"menu_order":0,"comment_status":"closed","ping_status":"closed","template":"page-no-title","meta":{"_uag_custom_page_level_css":"@media screen and (max-width: 480px) {\n  .wp-block-group.is-content-justification-space-between.is-nowrap.is-layout-flex.wp-container-core-group-is-layout-7.wp-block-group-is-layout-flex, .wp-block-group.is-content-justification-space-between.is-nowrap.is-layout-flex.wp-container-core-group-is-layout-10.wp-block-group-is-layout-flex, .wp-block-group.is-content-justification-space-between.is-nowrap.is-layout-flex.wp-container-core-group-is-layout-13.wp-block-group-is-layout-flex {\n\t      flex-direction: column;\n\t  justify-content: center;\n\t}\n}\n.wp-block-navigation .wp-block-navigation-item__content.wp-block-navigation-item__content:hover {\nbackground-image: url(https:\/\/lafetedesentreprises.fr\/wp-content\/uploads\/2025\/01\/hover-nav.png);\n\tbackground-repeat: no-repeat;\nbackground-position : 10% 50%;\noverflow : visible;\ntransition : 300ms;\n}\n.wp-block-navigation .wp-block-navigation-item__content.wp-block-navigation-item__content {\npadding : 10px 0px;\n}\n\n.button-faq a:nth-child(n+2) {\npadding : 10px 20px;\nmargin : 30px 30px;\nline-height :3rem;\nbackground-color : #8BCC33;\nborder-radius : 2px;\n\ntext-decoration : none;\n}\n\n.button-faq a:nth-child(n+2):hover {\nbackground-color: #358F08;\n\tcolor : white;\n}\n\n:where(.wp-site-blocks *:focus){outline-width:2px;outline-style:solid}\n#wp--skip-link--target gt; div gt; div.wp-block-cover.alignfull {\nmax-width: 1040px;\n}","footnotes":""},"class_list":["post-635","page","type-page","status-publish","hentry"],"uagb_featured_image_src":{"full":false,"thumbnail":false,"medium":false,"medium_large":false,"large":false,"1536x1536":false,"2048x2048":false},"uagb_author_info":{"display_name":"FabienFDE","author_link":"https:\/\/lafetedesentreprises.fr\/?author=3"},"uagb_comment_info":0,"uagb_excerpt":"Le collectif RSE du Grand Compi\u00e9gnois","_links":{"self":[{"href":"https:\/\/lafetedesentreprises.fr\/index.php?rest_route=\/wp\/v2\/pages\/635","targetHints":{"allow":["GET"]}}],"collection":[{"href":"https:\/\/lafetedesentreprises.fr\/index.php?rest_route=\/wp\/v2\/pages"}],"about":[{"href":"https:\/\/lafetedesentreprises.fr\/index.php?rest_route=\/wp\/v2\/types\/page"}],"author":[{"embeddable":true,"href":"https:\/\/lafetedesentreprises.fr\/index.php?rest_route=\/wp\/v2\/users\/3"}],"replies":[{"embeddable":true,"href":"https:\/\/lafetedesentreprises.fr\/index.php?rest_route=%2Fwp%2Fv2%2Fcomments&post=635"}],"version-history":[{"count":30,"href":"https:\/\/lafetedesentreprises.fr\/index.php?rest_route=\/wp\/v2\/pages\/635\/revisions"}],"predecessor-version":[{"id":700,"href":"https:\/\/lafetedesentreprises.fr\/index.php?rest_route=\/wp\/v2\/pages\/635\/revisions\/700"}],"wp:attachment":[{"href":"https:\/\/lafetedesentreprises.fr\/index.php?rest_route=%2Fwp%2Fv2%2Fmedia&parent=635"}],"curies":[{"name":"wp","href":"https:\/\/api.w.org\/{rel}","templated":true}]}}